{"id":2982,"date":"2024-03-09T13:31:27","date_gmt":"2024-03-09T12:31:27","guid":{"rendered":"https:\/\/bel-ongle-formation.fr\/?page_id=2982"},"modified":"2026-04-24T15:27:39","modified_gmt":"2026-04-24T13:27:39","slug":"certification-pratiquer-une-activite-de-poses-de-protheses-ongulaires","status":"publish","type":"page","link":"https:\/\/bel-ongle-formation.fr\/index.php\/certification-pratiquer-une-activite-de-poses-de-protheses-ongulaires\/","title":{"rendered":"Certification \u00ab\u00a0Pratiquer une activit\u00e9 de pose de proth\u00e8ses ongulaires\u00a0\u00bb"},"content":{"rendered":"<div class=\"wpb-content-wrapper\"><p>[vc_row full_width=\u00a0\u00bbstretch_row\u00a0\u00bb equal_height=\u00a0\u00bbyes\u00a0\u00bb content_placement=\u00a0\u00bbtop\u00a0\u00bb][vc_column width=\u00a0\u00bb5\/6&Prime; hide_bg_image_on_tablet=\u00a0\u00bb\u00a0\u00bb hide_bg_image_on_mobile=\u00a0\u00bb\u00a0\u00bb icons_position=\u00a0\u00bbleft\u00a0\u00bb css=\u00a0\u00bb.vc_custom_1511534454443{padding-right: 0px !important;padding-left: 0px !important;}\u00a0\u00bb]<div id=\"sc_content_1603599819\"\n\t\tclass=\"sc_content color_style_default sc_content_default sc_float_center sc_shift_y_tiny_negative\"><div class=\"sc_content_container\">[vc_single_image image=\u00a0\u00bb3118&Prime; img_size=\u00a0\u00bbfull\u00a0\u00bb alignment=\u00a0\u00bbright\u00a0\u00bb]<\/div><\/div><!-- \/.sc_content -->[\/vc_column][vc_column width=\u00a0\u00bb1\/6&Prime; hide_bg_image_on_tablet=\u00a0\u00bb\u00a0\u00bb hide_bg_image_on_mobile=\u00a0\u00bb\u00a0\u00bb icons_position=\u00a0\u00bbleft\u00a0\u00bb css=\u00a0\u00bb.vc_custom_1511533781050{background-color: #ffffff !important;}\u00a0\u00bb][\/vc_column][\/vc_row][vc_row full_width=\u00a0\u00bbstretch_row\u00a0\u00bb equal_height=\u00a0\u00bbyes\u00a0\u00bb content_placement=\u00a0\u00bbtop\u00a0\u00bb][vc_column width=\u00a0\u00bb1\/6&Prime; hide_bg_image_on_tablet=\u00a0\u00bb\u00a0\u00bb hide_bg_image_on_mobile=\u00a0\u00bb\u00a0\u00bb icons_position=\u00a0\u00bbleft\u00a0\u00bb][\/vc_column][vc_column width=\u00a0\u00bb5\/6&Prime; fix_column=\u00a0\u00bb\u00a0\u00bb shift_y=\u00a0\u00bbtiny_negative\u00a0\u00bb hide_bg_image_on_tablet=\u00a0\u00bb\u00a0\u00bb hide_bg_image_on_mobile=\u00a0\u00bb\u00a0\u00bb icons_position=\u00a0\u00bbleft\u00a0\u00bb css=\u00a0\u00bb.vc_custom_1515147927089{background-color: #ffffff !important;}\u00a0\u00bb][vc_empty_space height=\u00a0\u00bb30px\u00a0\u00bb alter_height=\u00a0\u00bbnone\u00a0\u00bb hide_on_desktop=\u00a0\u00bb\u00a0\u00bb hide_on_notebook=\u00a0\u00bb\u00a0\u00bb hide_on_tablet=\u00a0\u00bb1&Prime; hide_on_mobile=\u00a0\u00bb1&Prime;][vc_empty_space height=\u00a0\u00bb15px\u00a0\u00bb alter_height=\u00a0\u00bbnone\u00a0\u00bb hide_on_desktop=\u00a0\u00bb1&Prime; hide_on_notebook=\u00a0\u00bb1&Prime; hide_on_tablet=\u00a0\u00bb\u00a0\u00bb hide_on_mobile=\u00a0\u00bb\u00a0\u00bb][vc_column_text]<\/p>\n<h4 style=\"text-align: center;\">APPRENEZ \u00c0 PRATIQUER UNE ACTIVIT\u00c9 DE PROTH\u00c9SIE ONGULAIRE<br \/>\nEN 10 JOURS SEULEMENT ET EN PRESENTIEL !<\/h4>\n<p>&nbsp;<\/p>\n<p>NOUVEAUT\u00c9 2026 : Formations disponibles aussi sur AVIGNON (Vaucluse &#8211; 84).<\/p>\n<div class=\"wpb_text_column wpb_content_element \">\n<div class=\"wpb_wrapper\">\n<p><a href=\"https:\/\/www.moncompteformation.gouv.fr\/espace-prive\/html\/#\/formation\/recherche\/98159652100014_BOF_FCRS7014\/98159652100014_BOF_FCRS7014\"><img loading=\"lazy\" decoding=\"async\" class=\"alignleft wp-image-3329 size-thumbnail\" src=\"http:\/\/bel-ongle-formation.fr\/wp-content\/uploads\/2024\/07\/offre_eligible_mcf_CPF_carre_fond_blanc_RVB-150x150.png\" alt=\"\" width=\"150\" height=\"150\" srcset=\"https:\/\/bel-ongle-formation.fr\/wp-content\/uploads\/2024\/07\/offre_eligible_mcf_CPF_carre_fond_blanc_RVB-150x150.png 150w, https:\/\/bel-ongle-formation.fr\/wp-content\/uploads\/2024\/07\/offre_eligible_mcf_CPF_carre_fond_blanc_RVB-300x300.png 300w, https:\/\/bel-ongle-formation.fr\/wp-content\/uploads\/2024\/07\/offre_eligible_mcf_CPF_carre_fond_blanc_RVB-370x370.png 370w, https:\/\/bel-ongle-formation.fr\/wp-content\/uploads\/2024\/07\/offre_eligible_mcf_CPF_carre_fond_blanc_RVB.png 532w, https:\/\/bel-ongle-formation.fr\/wp-content\/uploads\/2024\/07\/offre_eligible_mcf_CPF_carre_fond_blanc_RVB-90x90.png 90w\" sizes=\"auto, (max-width: 150px) 100vw, 150px\" \/><\/a><\/p>\n<h4><strong>\ud83c\udf89 NOUVEAUT\u00c9 : Formation \u00e9ligible au **Compte Personnel de Formation (CPF)**<\/strong><\/h4>\n<p>Contactez-nous pour en savoir plus !<\/p>\n<h4>\ud83d\udd90 Devenez Proth\u00e9siste Ongulaire en 10 jours<\/h4>\n<p>Le m\u00e9tier de proth\u00e9siste ongulaire conna\u00eet un v\u00e9ritable essor. Aujourd\u2019hui, l\u2019esth\u00e9tique des ongles est un v\u00e9ritable reflet de la personnalit\u00e9, peu importe l\u2019\u00e2ge ou le style !<br \/>\nSalons, nails bars, instituts sp\u00e9cialis\u00e9s&#8230; la demande ne cesse de cro\u00eetre, et les opportunit\u00e9s professionnelles aussi.<\/p>\n<p>Chez <strong>Bel\u2019Ongle Formation,<\/strong> nous vous formons en <strong>pr\u00e9sentiel<\/strong>, en seulement <strong>5\u00a0jours<\/strong>, au sein d\u2019un centre certifi\u00e9 <strong>Qualiopi<\/strong>, gage de qualit\u00e9 et de s\u00e9rieux.<br \/>\n\ud83d\udc69\u200d\ud83c\udf93 <strong>Effectif limit\u00e9 \u00e0 10 participants<\/strong> pour un suivi individualis\u00e9 et un apprentissage optimal.<br \/>\n\ud83d\udc69\u200d\ud83c\udfeb Formation anim\u00e9e par une professionnelle exp\u00e9riment\u00e9e, reconnue dans le domaine.<\/p>\n<h4>\ud83d\udd0d Une formation ax\u00e9e sur la pratique<\/h4>\n<p>Pendant toute la dur\u00e9e du programme, vous apprendrez \u00e0 r\u00e9aliser des prestations de pose de proth\u00e8ses ongulaires en respectant des protocoles d\u2019hygi\u00e8ne rigoureux.<br \/>\nL\u2019accent est mis sur la <strong>pratique intensive<\/strong> et des mises en situation r\u00e9elles afin de vous permettre d\u2019acqu\u00e9rir rapidement les bons gestes et les savoir-faire indispensables.<\/p>\n<p>En fin de formation, vous passerez une <strong>\u00e9valuation certificative<\/strong> qui atteste de vos comp\u00e9tences.<\/p>\n<h4>\ud83c\udf93 Certification RS7181<\/h4>\n<p>Cette formation pr\u00e9pare \u00e0 la certification <strong>RS7181 \u00ab Pratiquer une activit\u00e9 de pose de proth\u00e8ses ongulaires \u00bb<\/strong>, enregistr\u00e9e au R\u00e9pertoire Sp\u00e9cifique de France Comp\u00e9tences depuis le 23 mai 2025.<\/p>\n<h4>\ud83d\udcb0 Financements possibles<\/h4>\n<p>* CPF (Mon Compte Formation)<br \/>\n* Paiement en 4x sans frais (via Paypal)<br \/>\n* Micro-cr\u00e9dit<br \/>\n* OPCO \/ France Travail \/ Mission Locale \/ autres financeurs<\/p>\n<p>&#8212;<\/p>\n<\/div>\n<\/div>\n<p>[\/vc_column_text][vc_row_inner][vc_column_inner width=\u00a0\u00bb1\/4&Prime;][vc_single_image image=\u00a0\u00bb3496&Prime; img_size=\u00a0\u00bbmedium\u00a0\u00bb][\/vc_column_inner][vc_column_inner width=\u00a0\u00bb1\/4&Prime;][vc_single_image image=\u00a0\u00bb3329&Prime; alignment=\u00a0\u00bbcenter\u00a0\u00bb onclick=\u00a0\u00bbcustom_link\u00a0\u00bb link=\u00a0\u00bbhttps:\/\/www.moncompteformation.gouv.fr\/espace-prive\/html\/#\/formation\/recherche\/98159652100014_BOF_FCRS7181\/98159652100014_BOF_FCRS7181&Prime;][\/vc_column_inner][vc_column_inner width=\u00a0\u00bb1\/4&Prime;][vc_single_image image=\u00a0\u00bb3499&Prime; img_size=\u00a0\u00bbmedium\u00a0\u00bb][\/vc_column_inner][vc_column_inner width=\u00a0\u00bb1\/4&Prime;][vc_single_image image=\u00a0\u00bb3503&Prime; img_size=\u00a0\u00bbmedium\u00a0\u00bb][\/vc_column_inner][\/vc_row_inner][vc_empty_space height=\u00a0\u00bb55px\u00a0\u00bb alter_height=\u00a0\u00bbnone\u00a0\u00bb hide_on_desktop=\u00a0\u00bb\u00a0\u00bb hide_on_notebook=\u00a0\u00bb\u00a0\u00bb hide_on_tablet=\u00a0\u00bb1&Prime; hide_on_mobile=\u00a0\u00bb1&Prime;][vc_empty_space height=\u00a0\u00bb31px\u00a0\u00bb alter_height=\u00a0\u00bbnone\u00a0\u00bb hide_on_desktop=\u00a0\u00bb1&Prime; hide_on_notebook=\u00a0\u00bb1&Prime; hide_on_tablet=\u00a0\u00bb\u00a0\u00bb hide_on_mobile=\u00a0\u00bb\u00a0\u00bb][vc_row_inner][vc_column_inner width=\u00a0\u00bb1\/2&Prime;]<a href=\"http:\/\/bel-ongle-formation.fr\/wp-content\/uploads\/2025\/08\/BOF-programme-formation-juillet2025.pdf\" id=\"sc_button_253703208\" class=\"sc_button color_style_default sc_button_default sc_button_size_small sc_button_icon_left\"><span class=\"sc_button_text\"><span class=\"sc_button_title\">Programme de formation<\/span><\/span><!-- \/.sc_button_text --><\/a><!-- \/.sc_button --><a href=\"http:\/\/bel-ongle-formation.fr\/wp-content\/uploads\/2024\/04\/Bel-Ongle-Formation-CGV-2-1.pdf\" id=\"sc_button_212501317\" class=\"sc_button color_style_default sc_button_default sc_button_size_small sc_button_icon_left\"><span class=\"sc_button_text\"><span class=\"sc_button_title\">CGV<\/span><\/span><!-- \/.sc_button_text --><\/a><!-- \/.sc_button -->[\/vc_column_inner][vc_column_inner width=\u00a0\u00bb1\/2&Prime;]<a href=\"https:\/\/bel-ongle-formation.fr\/index.php\/calendrier-formation-prothesie-ongulaire\/\" id=\"sc_button_836952650\" class=\"sc_button color_style_default sc_button_default sc_button_size_small sc_button_icon_left\"><span class=\"sc_button_text\"><span class=\"sc_button_title\">Calendrier sessions<\/span><\/span><!-- \/.sc_button_text --><\/a><!-- \/.sc_button --><a href=\"http:\/\/bel-ongle-formation.fr\/wp-content\/uploads\/2025\/06\/24FOR03537.1-Certificat-de-conformite-1.pdf\" id=\"sc_button_1137535611\" class=\"sc_button color_style_default sc_button_default sc_button_size_small sc_button_icon_left\"><span class=\"sc_button_text\"><span class=\"sc_button_title\">QUALIOPI<\/span><\/span><!-- \/.sc_button_text --><\/a><!-- \/.sc_button -->[\/vc_column_inner][\/vc_row_inner][vc_empty_space height=\u00a0\u00bb55px\u00a0\u00bb alter_height=\u00a0\u00bbnone\u00a0\u00bb hide_on_desktop=\u00a0\u00bb\u00a0\u00bb hide_on_notebook=\u00a0\u00bb\u00a0\u00bb hide_on_tablet=\u00a0\u00bb1&Prime; hide_on_mobile=\u00a0\u00bb1&Prime;][vc_empty_space height=\u00a0\u00bb31px\u00a0\u00bb alter_height=\u00a0\u00bbnone\u00a0\u00bb hide_on_desktop=\u00a0\u00bb1&Prime; hide_on_notebook=\u00a0\u00bb1&Prime; hide_on_tablet=\u00a0\u00bb\u00a0\u00bb hide_on_mobile=\u00a0\u00bb\u00a0\u00bb][vc_tta_tour style=\u00a0\u00bbmodern\u00a0\u00bb color=\u00a0\u00bbpink\u00a0\u00bb spacing=\u00a0\u00bb3&Prime; active_section=\u00a0\u00bb1&Prime; css=\u00a0\u00bb.vc_custom_1722459297151{padding-right: 20px !important;}\u00a0\u00bb][vc_tta_section title=\u00a0\u00bbDur\u00e9e\u00a0\u00bb tab_id=\u00a0\u00bb1713531180208-0d36ebde-b307&Prime;][vc_column_text css=\u00a0\u00bb.vc_custom_1777036649768{padding-left: 20px !important;}\u00a0\u00bb]La formation a une dur\u00e9e de 39 heures r\u00e9parties sur 5 jours (1 semaine), en pr\u00e9sentiel.[\/vc_column_text][\/vc_tta_section][vc_tta_section title=\u00a0\u00bbHoraires\u00a0\u00bb tab_id=\u00a0\u00bb1713531180219-54a39053-2876&Prime;][vc_column_text css=\u00a0\u00bb.vc_custom_1713532705957{padding-left: 20px !important;}\u00a0\u00bb]Du lundi au vendredi, de 9h \u00e0 12h et de 13h \u00e0 17h.[\/vc_column_text][\/vc_tta_section][vc_tta_section title=\u00a0\u00bbTarif\u00a0\u00bb tab_id=\u00a0\u00bb1713533595475-3ad6bbcf-6c66&Prime;][vc_column_text]Le tarif de la formation est de <strong>1500\u20ac<\/strong> (TVA non applicable, Art. 261.4.4 a du CGI).[\/vc_column_text][\/vc_tta_section][vc_tta_section title=\u00a0\u00bbLieu\u00a0\u00bb tab_id=\u00a0\u00bb1713531273314-86577512-f204&Prime;][vc_column_text css=\u00a0\u00bb.vc_custom_1777036720878{padding-left: 20px !important;}\u00a0\u00bb]<strong>Beaucaire (30)<\/strong> : 22 rue Ledru-Rollin &#8211; 30300 Beaucaire<\/p>\n<p><strong>Avignon (84)<\/strong> : Avenue Pierre Semard &#8211; 84000 Avignon[\/vc_column_text][\/vc_tta_section][vc_tta_section title=\u00a0\u00bbPr\u00e9-requis\u00a0\u00bb tab_id=\u00a0\u00bb1713531309205-b48f78ec-f62d\u00a0\u00bb][vc_column_text css=\u00a0\u00bb.vc_custom_1713532725581{padding-left: 20px !important;}\u00a0\u00bb]\u00catre majeur et ma\u00eetriser l\u2019expression \u00e9crite et orale en fran\u00e7ais[\/vc_column_text][\/vc_tta_section][vc_tta_section title=\u00a0\u00bbModalit\u00e9s d&rsquo;inscription\u00a0\u00bb tab_id=\u00a0\u00bb1713531337955-6bbf4322-106f\u00a0\u00bb][vc_column_text css=\u00a0\u00bb.vc_custom_1713532734213{padding-left: 20px !important;}\u00a0\u00bb]Un entretien d\u2019admission (parmail, ou par t\u00e9l\u00e9phone, ou directement au centre de formation) est organis\u00e9 avec le candidat afin de d\u00e9terminer le niveau du candidat, ses besoins et ses attentes.<\/p>\n<p>Si le projet de formation correspond au projet professionnel du candidat, une convention de formation, sign\u00e9e par les 2 parties, est \u00e9tablie.[\/vc_column_text][\/vc_tta_section][vc_tta_section title=\u00a0\u00bbD\u00e9lais d&rsquo;acc\u00e8s\u00a0\u00bb tab_id=\u00a0\u00bb1713531378200-64452911-31d1&Prime;][vc_column_text css=\u00a0\u00bb.vc_custom_1713532743318{padding-left: 20px !important;}\u00a0\u00bb]L\u2019inscription doit \u00eatre d\u00e9finitive au plus tard 15 jours avant la date de d\u00e9but de formation dans le cadre d\u2019un financement CPF.<\/p>\n<p>Dans les autres cas, l\u2019inscription doit \u00eatre d\u00e9finitive au plus tard 11 jours avant la date de d\u00e9but de formation (art. L6353-5 du Code du travail).[\/vc_column_text][\/vc_tta_section][vc_tta_section title=\u00a0\u00bbContact\u00a0\u00bb tab_id=\u00a0\u00bb1713531416710-5cb3e5bc-0ba0&Prime;][vc_column_text css=\u00a0\u00bb.vc_custom_1713532752871{padding-left: 20px !important;}\u00a0\u00bb]<strong>Mme Nathalie Lang \u2013 Responsable p\u00e9dagogique<\/strong><\/p>\n<p><strong>T\u00e9l<\/strong> : 06.11.28.69.35<\/p>\n<p><strong>Email<\/strong> : nathalielang30300@gmail.com[\/vc_column_text][\/vc_tta_section][vc_tta_section title=\u00a0\u00bbPublic cible\u00a0\u00bb tab_id=\u00a0\u00bb1713531484476-dc460e57-4167&Prime;][vc_column_text css=\u00a0\u00bb.vc_custom_1749214499747{padding-left: 20px !important;}\u00a0\u00bb]<\/p>\n<p class=\"text--fcpt-certification__title\">Objectifs et contexte de la certification :<\/p>\n<p>L\u2019activit\u00e9 de pose de proth\u00e8ses ongulaires est une sp\u00e9cialit\u00e9 qui consiste \u00e0 appliquer, retirer et entretenir des proth\u00e8ses destin\u00e9es \u00e0 embellir et renforcer les ongles naturels.. Cette activit\u00e9 n\u00e9cessite des comp\u00e9tences techniques compl\u00e8tes et un savoir-faire relationnel. La certification a pour objectif de v\u00e9rifier et d\u2019attester que le candidat poss\u00e8de toutes les comp\u00e9tences indispensables et\u00a0li\u00e9es \u00e0 l\u2019exercice de l\u2019activit\u00e9 de pose proth\u00e8ses ongulaires. Elle s\u2019adresse\u00a0sp\u00e9cifiquement \u00e0 ces profils\u00a0:<\/p>\n<ul>\n<li>Professionnels du secteur de l\u2019esth\u00e9tique et de la beaut\u00e9 souhaitant compl\u00e9ter leur offre de service \u00e0 la client\u00e8le (tels que coiffeurs, esth\u00e9ticiennes, etc\u2026)<\/li>\n<li>Personnes ayant un projet professionnel avanc\u00e9 de cr\u00e9ation d\u2019une activit\u00e9 de pose de proth\u00e8ses ongulaires.<\/li>\n<\/ul>\n<p>[\/vc_column_text][\/vc_tta_section][vc_tta_section title=\u00a0\u00bbPersonnes en situation de handicap\u00a0\u00bb tab_id=\u00a0\u00bb1713531552326-ec439a0d-59b3&Prime;][vc_column_text css=\u00a0\u00bb.vc_custom_1713532774387{padding-left: 20px !important;}\u00a0\u00bb]La formation est accessible aux personnes en situation de handicap, y compris \u00e0 mobilit\u00e9 r\u00e9duite.<\/p>\n<p><strong>R\u00e9f\u00e9rent handicap de l&rsquo;entreprise<\/strong> : Madame Lang, directrice du centre de formation.<\/p>\n<p>Pour les personnes en situation de handicap, il est n\u00e9cessaire de transmettre au r\u00e9f\u00e9rent handicap la nature du handicap afin de d\u00e9terminer les am\u00e9nagements \u00e0 mettre en place lors de la formation et de la certification.[\/vc_column_text][\/vc_tta_section][vc_tta_section title=\u00a0\u00bbObjectifs de la formation\u00a0\u00bb tab_id=\u00a0\u00bb1713531634848-1685af24-d645&Prime;][vc_column_text css=\u00a0\u00bb.vc_custom_1749214617193{padding-left: 20px !important;}\u00a0\u00bb]<strong>C1<\/strong>. Accueillir un client dans le cadre d&rsquo;une prestation de pose de proth\u00e8ses ongulaires ,en adoptant une posture professionnelle, en recueillant les informations permettant le suivi client, en expliquant les diff\u00e9rentes techniques possibles et leurs caract\u00e9ristiques, en tenant compte de la situation de handicap du client le cas \u00e9ch\u00e9ant, afin de v\u00e9hiculer une image professionnelle et de fid\u00e9liser le client.<\/p>\n<p><strong>C2<\/strong>. Analyser la faisabilit\u00e9 d\u2019une prestation de pose de proth\u00e8ses ongulaire aupr\u00e8s du client, en questionnant le client sur ses allergies, probl\u00e8mes de sant\u00e9 le cas \u00e9ch\u00e9ant, et ses habitudes de vie, en examinant l\u2019\u00e9tat de chaque ongle afin de s\u2019assurer de la possibilit\u00e9 de r\u00e9aliser la prestation compl\u00e8te choisie.<\/p>\n<p><strong>C3<\/strong>. Appliquer les protocoles d\u2019hygi\u00e8ne propres \u00e0 une prestation de pose de proth\u00e8ses ongulaires, en utilisant les produits et mat\u00e9riels n\u00e9cessaires, en am\u00e9nageant un environnement de travail propre et sain, afin d\u2019\u00e9viter la transmission et la prolif\u00e9ration de bact\u00e9ries et risques d\u2019infections.<\/p>\n<p><strong>C4<\/strong>. Limer la plaque ongulaire et le bord libre de l\u2019ongle en vue de la pose de la proth\u00e8se ongulaire, en choisissant et le ou les outils adapt\u00e9s, en r\u00e9alisant un limage pr\u00e9servant la qualit\u00e9 de l\u2019ongle, en manipulant correctement les diff\u00e9rents outils n\u00e9cessaires, afin de former l\u2019ongle et d\u2019assurer une adh\u00e9rence optimale de la proth\u00e8se.<\/p>\n<p><strong>C5<\/strong>. R\u00e9aliser une pose d\u2019extensions d\u2019ongles \u00e0 l\u2019aide de capsules en utilisant les techniques appropri\u00e9es pour garantir la qualit\u00e9 de la prestation, afin d\u2019allonger et consolider l\u2019ongle naturel.<\/p>\n<p><strong>C6<\/strong>. R\u00e9aliser une pose d\u2019extensions d\u2019ongles \u00e0 l\u2019aide de la technique du chablon en utilisant les techniques appropri\u00e9es pour garantir la qualit\u00e9 de la prestation afin d\u2019allonger et consolider l\u2019ongle naturel.<\/p>\n<p><strong>C7<\/strong>. Appliquer les gestes techniques de la construction de l\u2019ongle au gel dans le cadre de la pose de proth\u00e8ses ongulaires, en respectant leur chronologie, afin de garantir la r\u00e9sistance et la long\u00e9vit\u00e9 de la prestation.<\/p>\n<p><strong>C8<\/strong>. R\u00e9aliser une finition esth\u00e9tique dans le cadre d\u2019une prestation de pose de proth\u00e8ses ongulaires afin d\u2019offrir une prestation parfaitement finalis\u00e9e et d\u2019embellir les proth\u00e8ses ongulaires en appliquant la pose de gel de couleur unie, et d\u2019autres techniques de finition telles que Baby Boomer et la French manucure, et en appliquant le gloss de finition.<\/p>\n<p><strong>C9<\/strong>. R\u00e9aliser un retrait d\u2019ongles artificiels dans le cadre d\u2019une prestation de depose de proth\u00e8ses ongulaires afin de retrouver l\u2019ongle naturel, en veillant \u00e0 ne pas endommager la base naturelle, afin de retrouver l\u2019ongle naturel et de garantir son aspect et sa qualit\u00e9.<\/p>\n<p><strong>C10<\/strong>. Appliquer la technique du remplissage dans le cadre de l&rsquo;entretien de la pose d&rsquo;ongles artificiels afin de combler la repousse de l\u2019ongle et maintenir la pose initiale, en utilisant les produits et techniques adapt\u00e9es pour garantir un aspect esth\u00e9tique, homog\u00e8ne et durable.<\/p>\n<p><strong>C11<\/strong>. Informer le client sur les moyens et pr\u00e9cautions requis pour pr\u00e9server la qualit\u00e9 de la proth\u00e8se ongulaire r\u00e9alis\u00e9e, en d\u00e9livrant des explications sur les soins et pratiques \u00e0 adopter au quotidien, en adaptant ces derni\u00e8res au profil et\/ou \u00e0 la situation du client le cas \u00e9ch\u00e9ant, afin de maintenir la durabilit\u00e9 de la pose et de garantir la satisfaction du client.<\/p>\n<p>[\/vc_column_text][\/vc_tta_section][vc_tta_section title=\u00a0\u00bbM\u00e9thodes mobilis\u00e9es\u00a0\u00bb tab_id=\u00a0\u00bb1713532008433-a20dc5f0-0bd8&Prime;][vc_column_text css=\u00a0\u00bb.vc_custom_1713532807568{padding-left: 20px !important;}\u00a0\u00bb]<\/p>\n<ul>\n<li><strong>Formation th\u00e9orique<\/strong>\u00a0: pr\u00e9sentation orale didactique utilisant le support de cours remis \u00e0 chaque candidat lors de l\u2019entr\u00e9e en formation.<\/li>\n<\/ul>\n<p>Support \u00e9crit de la formation est un livret qui explique en d\u00e9tail la partie th\u00e9orique et d\u00e9crit en d\u00e9tail le d\u00e9roulement de la partie pratique accompagn\u00e9 des conseils donn\u00e9s en cours.<\/p>\n<ul>\n<li><strong>Formation pratique<\/strong>\u00a0: d\u00e9monstration compl\u00e8te par la formatrice de la technique du jour enseign\u00e9e + mise en pratique par le candidat des d\u00e9monstrations observ\u00e9es sur mod\u00e8le volontaire<\/li>\n<\/ul>\n<p>[\/vc_column_text][\/vc_tta_section][vc_tta_section title=\u00a0\u00bbModalit\u00e9s p\u00e9dagogiques\u00a0\u00bb tab_id=\u00a0\u00bb1713532062414-01496add-67a7&Prime;][vc_column_text css=\u00a0\u00bb.vc_custom_1713532147370{padding-left: 20px !important;}\u00a0\u00bb]La formation se d\u00e9roule en pr\u00e9sentiel uniquement.<\/p>\n<p>Le centre de formation est agenc\u00e9 de fa\u00e7on \u00e0 reproduire les conditions r\u00e9elles d\u2019exercice de l\u2019activit\u00e9 de proth\u00e8sie ongulaire. Les postes de travail enti\u00e8rement \u00e9quip\u00e9s ainsi que les produits et mat\u00e9riels n\u00e9cessaires \u00e0 l&rsquo;apprentissage seront mis \u00e0 la disposition du candidat pendant toute la dur\u00e9e de la formation.[\/vc_column_text][\/vc_tta_section][vc_tta_section title=\u00a0\u00bbMoyens d&rsquo;encadrement\u00a0\u00bb tab_id=\u00a0\u00bb1713532150511-2f095402-7f6e\u00a0\u00bb][vc_column_text css=\u00a0\u00bb.vc_custom_1713532207494{padding-left: 20px !important;}\u00a0\u00bb]La formation est encadr\u00e9 par une formatrice disposant de 25 ans d&rsquo;exp\u00e9rience dans la proth\u00e8sie ongulaire.[\/vc_column_text][\/vc_tta_section][vc_tta_section title=\u00a0\u00bbM\u00e9thode de suivi et d\u2019\u00e9valuation\u00a0\u00bb tab_id=\u00a0\u00bb1713532214049-c960adf7-01ea\u00a0\u00bb][vc_column_text css=\u00a0\u00bb.vc_custom_1713532250576{padding-left: 20px !important;}\u00a0\u00bb]<\/p>\n<ol>\n<li>Pr\u00e9 positionnement avant le d\u00e9but de la formation (entretien individuel et information compl\u00e8te du candidat avant le d\u00e9but de la formation)<\/li>\n<li>le candidat signe chaque demi-journ\u00e9e une feuille d&rsquo;\u00e9margement signalant bien sa pr\u00e9sence et permettant ainsi de pr\u00e9evnir les ruptures de parcours<\/li>\n<li>Pendant la formation, le suivi de l&rsquo;apprentissage et l&rsquo;\u00e9valuation du travail quotidien se font en continu par la formatrice et sont ensuite consign\u00e9s sur un tableau de suivi des sessions de formation d\u00e9taill\u00e9 par candidat et par demi-journ\u00e9e<\/li>\n<li>Mais en pratique par le candidat des comp\u00e9tences acquises \u00e0 travers des mises en situation sur mod\u00e8le volontaire<\/li>\n<li>Un support de cours est remis aux candidats d\u00e8s son entr\u00e9e en formation, lui permettant ainsi d&rsquo;avoir une trace \u00e9crite de l&rsquo;ensemble des enseignements de la formation. Ce support de cours lui permettra \u00e9galement de garder en m\u00e9moire pour la suite de son parcours professionnel l&rsquo;ensemble des enseignements dispens\u00e9s pendant la formation.<\/li>\n<\/ol>\n<p>[\/vc_column_text][\/vc_tta_section][vc_tta_section title=\u00a0\u00bbModalit\u00e9s d\u2019\u00e9valuation\u00a0\u00bb tab_id=\u00a0\u00bb1713532264579-ed43ad5b-a1c0&Prime;][vc_column_text css=\u00a0\u00bb.vc_custom_1749214642781{padding-left: 20px !important;}\u00a0\u00bb]A la fin de la formation, une \u00e9preuve certificative est programm\u00e9e.<\/p>\n<p>Sa dur\u00e9e est de 2h30.<\/p>\n<p>Les modalit\u00e9s d&rsquo;\u00e9valuation reposent sur une mise en situation professionnelle du candidat dans les conditions r\u00e9elles de r\u00e9alisation de prestations de proth\u00e8sie ongulaire. Elles comprennent la r\u00e9alisation d&rsquo;un entretien avec le mod\u00e8le volontaire, la r\u00e9daction d&rsquo;une fiche diagnostic, le diagnostic des ongles, l&rsquo;organisation de l&rsquo;espace de travail, le nettoyage et la d\u00e9sinfection de ce m\u00eame espace de travail, la pr\u00e9paration de l&rsquo;ongle naturel, son rallongement suivant les techniques d&rsquo;extension (capsules et chablons), le modelage de l&rsquo;ongle artificiel, son fa\u00e7onnage, la d\u00e9coration de l&rsquo;ongle artificiel, la technique de remplissage et la technique de la d\u00e9pose d&rsquo;ongles.<\/p>\n<p>Chaque candidat est \u00e9valu\u00e9 par un jury de techniciens en proth\u00e8sie ongulaire.<\/p>\n<p>La certification est d\u00e9livr\u00e9e en fonction des r\u00e9sultats obtenus \u00e0 l&rsquo;issue des \u00e9valuations pr\u00e9vues pour chaque comp\u00e9tence d\u00e9clin\u00e9e en crit\u00e8res d&rsquo;\u00e9valuation.[\/vc_column_text][\/vc_tta_section][\/vc_tta_tour][vc_empty_space height=\u00a0\u00bb31px\u00a0\u00bb alter_height=\u00a0\u00bbnone\u00a0\u00bb hide_on_desktop=\u00a0\u00bb1&Prime; hide_on_notebook=\u00a0\u00bb1&Prime; hide_on_tablet=\u00a0\u00bb\u00a0\u00bb hide_on_mobile=\u00a0\u00bb\u00a0\u00bb][vc_empty_space height=\u00a0\u00bb55px\u00a0\u00bb alter_height=\u00a0\u00bbnone\u00a0\u00bb hide_on_desktop=\u00a0\u00bb\u00a0\u00bb hide_on_notebook=\u00a0\u00bb\u00a0\u00bb hide_on_tablet=\u00a0\u00bb1&Prime; hide_on_mobile=\u00a0\u00bb1&Prime;]<div id=\"sc_title_2069825074\"\n\t\tclass=\"sc_title color_style_link3 sc_title_special titre_formation  vc_custom_1722457601941\"><h3 class=\"sc_item_title sc_title_title sc_align_center sc_item_title_style_special sc_item_title_tag\">Programme de formation<\/h3><\/div><!-- \/.sc_title -->[vc_empty_space height=\u00a0\u00bb55px\u00a0\u00bb alter_height=\u00a0\u00bbnone\u00a0\u00bb hide_on_desktop=\u00a0\u00bb\u00a0\u00bb hide_on_notebook=\u00a0\u00bb\u00a0\u00bb hide_on_tablet=\u00a0\u00bb1&Prime; hide_on_mobile=\u00a0\u00bb1&Prime;][vc_empty_space height=\u00a0\u00bb31px\u00a0\u00bb alter_height=\u00a0\u00bbnone\u00a0\u00bb hide_on_desktop=\u00a0\u00bb1&Prime; hide_on_notebook=\u00a0\u00bb1&Prime; hide_on_tablet=\u00a0\u00bb\u00a0\u00bb hide_on_mobile=\u00a0\u00bb\u00a0\u00bb][vc_tta_tour style=\u00a0\u00bbmodern\u00a0\u00bb color=\u00a0\u00bbpink\u00a0\u00bb active_section=\u00a0\u00bb1&Prime; css=\u00a0\u00bb.vc_custom_1722459274161{padding-right: 20px !important;padding-left: 20px !important;}\u00a0\u00bb][vc_tta_section title=\u00a0\u00bbJour 1&Prime; tab_id=\u00a0\u00bb1713533985178-da01bdf6-b9bf\u00a0\u00bb][vc_column_text css=\u00a0\u00bb.vc_custom_1714576383531{padding-right: 20px !important;padding-left: 20px !important;}\u00a0\u00bb]<strong>MATIN : ACCUEIL DES CANDIDATS ET FORMATION THEORIQUE<\/strong><br \/>\nPr\u00e9sentation th\u00e9orique de la formation comprenant le mat\u00e9riel utilis\u00e9, le fonctionnement d\u2019un institut,<br \/>\nles caract\u00e9ristiques de l\u2019ongle et les maladies associ\u00e9es. Exploration des proc\u00e9dures d\u2019hygi\u00e8ne, des<br \/>\ndiagnostics \u00e0 effectuer, et des protocoles \u00e0 suivre<br \/>\n\u2022 Approche th\u00e9orique du m\u00e9tier<br \/>\n\u2022 Pr\u00e9sentation du mat\u00e9riel<br \/>\n\u2022 Pr\u00e9sentation du fonctionnement d\u2019un institut<br \/>\n\u2022 Explications de la composition de l\u2019ongle et des maladies de l\u2019ongle<br \/>\n\u2022 Pr\u00e9sentation des protocoles d\u2019hygi\u00e8ne<br \/>\n\u2022 Apprendre \u00e0 effectuer un diagnostic des ongles et des mains d&rsquo;un client \u00e0 l&rsquo;aide d&rsquo;une fiche<br \/>\ndiagnostic pour recommander une prestation de proth\u00e9sie ongulaire adapt\u00e9e aux besoins du<br \/>\nclient : Questionner le client sur ses attentes, ses activit\u00e9s professionnelles, ses ant\u00e9c\u00e9dents<br \/>\nm\u00e9dicaux et ses habitudes pour comprendre ses besoins ; puis examiner les caract\u00e9ristiques<br \/>\ndes ongles et des mains, telles que l&rsquo;\u00e9tat de sant\u00e9 visuel des ongles, la morphologie des mains<br \/>\net des ongles, et les \u00e9ventuelles affections cutan\u00e9es, afin d&rsquo;identifier les \u00e9ventuelles contreindications et d&rsquo;\u00e9valuer la faisabilit\u00e9 de la prestation. Informer le client des diff\u00e9rentes options<br \/>\nde prestations disponibles en fonction du diagnostic pr\u00e9alablement \u00e9tabli, et lui fournir des<br \/>\nconseils sur les pr\u00e9cautions \u00e0 prendre pour \u00e9viter les infections et assurer la durabilit\u00e9 de la<br \/>\npose.<\/p>\n<p><strong>APRES-MIDI : DECOUVERTE DE L\u2019ESPACE DE TRAVAIL DES CANDIDATS<\/strong><br \/>\nEnseignement de l\u2019organisation d\u2019un espace de travail et \u00e9tude de r\u00f4les en bin\u00f4me :<br \/>\n\u2022 Apprendre \u00e0 organiser l&rsquo;espace de travail en disposant les outils et les produits n\u00e9cessaires<br \/>\nde mani\u00e8re adapt\u00e9e pour r\u00e9aliser la prestation. Mise en place des protocoles d\u2019hygi\u00e8nes<br \/>\nindispensables \u00e0 la r\u00e9alisation de la prestation.<br \/>\nEntra\u00eenement des \u00e9l\u00e8ves : Etudes de r\u00f4les en bin\u00f4me pour l\u2019apprentissage du diagnostic \u00e0 l\u2019aide de la<br \/>\nfiche diagnostic.[\/vc_column_text][\/vc_tta_section][vc_tta_section title=\u00a0\u00bbJour 2&Prime; tab_id=\u00a0\u00bb1713533985191-20e4dc62-9207&Prime;][vc_column_text css=\u00a0\u00bb.vc_custom_1714576427504{padding-right: 20px !important;padding-left: 20px !important;}\u00a0\u00bb]<strong>MATIN : POSE DE GEL SUR ONGLES NATURELS (par la formatrice)<\/strong><br \/>\nObservation par les candidats d\u2019une d\u00e9monstration th\u00e9orique et pratique de pose de gel sur ongles<br \/>\nnaturels avec finition couleur unie effectu\u00e9e par la formatrice, dans les conditions r\u00e9elles de l\u2019exercice<br \/>\nde l\u2019activit\u00e9 :<br \/>\n\u2022 R\u00e9alisation du diagnostic pr\u00e9alable<br \/>\n\u2022 Application des proc\u00e9dures d\u2019hygi\u00e8ne et de d\u00e9sinfection avant et apr\u00e8s le soin<br \/>\n\u2022 R\u00e9alisation de toutes les \u00e9tapes de la pose de gel sur ongles naturels<br \/>\n\u2022 R\u00e9alisation d\u2019une finition couleur unie<br \/>\n\u2022 Conseiller le client sur les pr\u00e9cautions \u00e0 prendre pour \u00e9viter les risques d\u2019infections et garantir une durabilit\u00e9 de la pose<\/p>\n<p><strong>APRES-MIDI : POSE DE GEL SUR ONGLES NATURELS (par les candidats)<\/strong><br \/>\nMise en pratique compl\u00e8te par les \u00e9l\u00e8ves, sur mod\u00e8le volontaire, de la pose de gel sur ongles<br \/>\nnaturels avec finition couleur :<br \/>\n\u2022 R\u00e9alisation du diagnostic pr\u00e9alable<br \/>\n\u2022 Application des proc\u00e9dures d\u2019hygi\u00e8ne et de d\u00e9sinfection avant et apr\u00e8s le soin<br \/>\n\u2022 R\u00e9alisation de toutes les \u00e9tapes de la pose de gel sur ongles naturels<br \/>\n\u2022 R\u00e9alisation d\u2019une finition couleur unie<br \/>\n\u2022 Conseiller le client sur les pr\u00e9cautions \u00e0 prendre pour \u00e9viter les risques d\u2019infections et garantir<br \/>\nune durabilit\u00e9 de la pose[\/vc_column_text][\/vc_tta_section][vc_tta_section title=\u00a0\u00bbJour 3&Prime; tab_id=\u00a0\u00bb1713534254308-e862f268-fe60&Prime;][vc_column_text css=\u00a0\u00bb.vc_custom_1714576505981{padding-right: 20px !important;padding-left: 20px !important;}\u00a0\u00bb]<\/p>\n<ul>\n<li><strong>MATIN : POSE DE GEL AVEC PROTHESES EN CAPSULES (par la formatrice)<\/strong><br \/>\nObservation par les candidats d\u2019une d\u00e9monstration th\u00e9orique et pratique de pose de gel avec<br \/>\nproth\u00e8ses en capsules avec finition couleur unie, babyboomer ou French Manucure, effectu\u00e9e par la<br \/>\nformatrice, dans les conditions r\u00e9elles de l\u2019exercice de l\u2019activit\u00e9 :<br \/>\n\u2022 R\u00e9alisation du diagnostic pr\u00e9alable<br \/>\n\u2022 Application des proc\u00e9dures d\u2019hygi\u00e8ne et de d\u00e9sinfection avant et apr\u00e8s le soin<br \/>\n\u2022 Pr\u00e9paration de l\u2019ongle naturel<br \/>\n\u2022 Choix de la capsule<br \/>\n\u2022 Pose de la capsule<br \/>\n* Fa\u00e7onnage de l\u2019ongle artificiel \u00e0 l\u2019aide de la ponceuse ou la lime<br \/>\n\u2022 R\u00e9alisation d\u2019une d\u00e9coration d\u2019ongles<br \/>\n\u2022 Conseiller le client sur les pr\u00e9cautions \u00e0 prendre pour \u00e9viter les risques d\u2019infections et garantir une durabilit\u00e9 de la pose<strong>APRES-MIDI : POSE DE GEL AVEC PROTHESES EN CAPSULES (par les candidats)<\/strong><br \/>\nMise en pratique compl\u00e8te par les \u00e9l\u00e8ves, sur mod\u00e8le volontaire, de la pose d\u2019extensions avec<br \/>\ncapsules et gel et finition couleur :<br \/>\n\u2022 R\u00e9alisation du diagnostic pr\u00e9alable<br \/>\n\u2022 Application des proc\u00e9dures d\u2019hygi\u00e8ne et de d\u00e9sinfection avant et apr\u00e8s le soin<br \/>\n\u2022 Pr\u00e9paration de l\u2019ongle naturel<br \/>\n\u2022 Choix de la capsule<br \/>\n\u2022 Pose de la capsule<br \/>\n\u2022 R\u00e9alisation du modelage de l\u2019ongle<br \/>\n\u2022 Fa\u00e7onnage de l\u2019ongle artificiel \u00e0 l\u2019aide de la ponceuse ou la lime<br \/>\n\u2022 R\u00e9alisation d\u2019une d\u00e9coration d\u2019ongles<br \/>\n\u2022 Conseiller le client sur les pr\u00e9cautions \u00e0 prendre pour \u00e9viter les risques d\u2019infections et garantir<br \/>\nune durabilit\u00e9 de la pose<br \/>\n\u2022 R\u00e9alisation du modelage de l\u2019ongle<\/li>\n<\/ul>\n<p>[\/vc_column_text][\/vc_tta_section][vc_tta_section title=\u00a0\u00bbJour 4&Prime; tab_id=\u00a0\u00bb1713534322847-b844f85a-3749&Prime;][vc_column_text css=\u00a0\u00bb.vc_custom_1714576573628{padding-right: 20px !important;padding-left: 20px !important;}\u00a0\u00bb]<strong>MATIN : POSE DE GEL AVEC PROTHESES EN CHABLONS (par la formatrice)<\/strong><br \/>\nObservation par les candidats d\u2019une d\u00e9monstration th\u00e9orique et pratique de pose de gel avec proth\u00e8ses aux chablons avec finition couleur unie, babyboomer ou French Manucure, effectu\u00e9e par<br \/>\nla formatrice, dans les conditions r\u00e9elles de l\u2019exercice de l\u2019activit\u00e9 :<br \/>\n\u2022 R\u00e9alisation du diagnostic pr\u00e9alable<br \/>\n\u2022 Application des proc\u00e9dures d\u2019hygi\u00e8ne et de d\u00e9sinfection avant et apr\u00e8s le soin<br \/>\n\u2022 Pr\u00e9paration de l\u2019ongle naturel<br \/>\n\u2022 D\u00e9coupe du chablon<br \/>\n\u2022 Positionnement du chablon selon la longueur et la forme de l\u2019ongle souhait\u00e9<br \/>\n\u2022 R\u00e9alisation du modelage de l\u2019ongle<br \/>\n\u2022 Fa\u00e7onnage de l\u2019ongle artificiel \u00e0 l\u2019aide de la ponceuse ou la lime<br \/>\n\u2022 R\u00e9alisation d\u2019une d\u00e9coration d\u2019ongles<br \/>\n\u2022 Conseiller le client sur les pr\u00e9cautions \u00e0 prendre pour \u00e9viter les risques d\u2019infections et garantir une durabilit\u00e9 de la pose<\/p>\n<p><strong>APRES-MIDI : POSE DE GEL AVEC PROTHESES AUX CHABLONS (par les candidats)<\/strong><br \/>\nMise en pratique compl\u00e8te par les \u00e9l\u00e8ves, sur mod\u00e8le volontaire, de la pose d\u2019extensions aux chablons et gel et finition couleur :<br \/>\n\u2022 R\u00e9alisation du diagnostic pr\u00e9alable<br \/>\n\u2022 Application des proc\u00e9dures d\u2019hygi\u00e8ne et de d\u00e9sinfection avant et apr\u00e8s le soin<br \/>\n\u2022 Pr\u00e9paration de l\u2019ongle naturel<br \/>\n\u2022 D\u00e9coupe du chablon<br \/>\n\u2022 Positionnement du chablon selon la longueur et la forme de l\u2019ongle souhait\u00e9<br \/>\n\u2022 R\u00e9alisation du modelage de l\u2019ongle<br \/>\n\u2022 Fa\u00e7onnage de l\u2019ongle artificiel \u00e0 l\u2019aide de la ponceuse ou la lime<br \/>\n\u2022 R\u00e9alisation d\u2019une d\u00e9coration d\u2019ongles<br \/>\n\u2022 Conseiller le client sur les pr\u00e9cautions \u00e0 prendre pour \u00e9viter les risques d\u2019infections et garantir une durabilit\u00e9 de la pose[\/vc_column_text][\/vc_tta_section][vc_tta_section title=\u00a0\u00bbJour 5&Prime; tab_id=\u00a0\u00bb1713534504021-95b68134-0b05&Prime;][vc_column_text css=\u00a0\u00bb.vc_custom_1714576604792{padding-right: 20px !important;padding-left: 20px !important;}\u00a0\u00bb]<strong>MATIN : TECHNIQUE DU RETRAIT DE LA POSE D\u2019ONGLES (par la formatrice)<\/strong><br \/>\nObservation par les candidats d\u2019une d\u00e9monstration th\u00e9orique et pratique du retrait de la pose<br \/>\nd\u2019ongles \u00e0 l\u2019aide des outils adapt\u00e9s, sur mod\u00e8les volontaires, effectu\u00e9e par la formatrice, dans les<br \/>\nconditions r\u00e9elles de l\u2019exercice de l\u2019activit\u00e9 :<br \/>\n\u2022 R\u00e9alisation du diagnostic pr\u00e9alable<br \/>\n\u2022 Application des proc\u00e9dures d\u2019hygi\u00e8ne et de d\u00e9sinfection avant et apr\u00e8s le soin<br \/>\n\u2022 R\u00e9alisation du retrait \u00e0 l\u2019aide des outils adapt\u00e9s (limes, ponceuses, produits de fonte, etc\u2026)<\/p>\n<p><strong>APRES-MIDI : TECHNIQUE DU RETRAIT DE LA POSE D\u2019ONGLES (par les candidats)<\/strong><br \/>\nMise en pratique compl\u00e8te par les \u00e9l\u00e8ves, sur mod\u00e8le volontaire, du retrait de la pose d\u2019ongles :<br \/>\n\u2022 R\u00e9alisation du diagnostic pr\u00e9alable<br \/>\n\u2022 Application des proc\u00e9dures d\u2019hygi\u00e8ne et de d\u00e9sinfection avant et apr\u00e8s le soin<br \/>\n\u2022 R\u00e9alisation du retrait \u00e0 l\u2019aide des outils adapt\u00e9s (limes, ponceuses, produits de fonte, etc\u2026)[\/vc_column_text][\/vc_tta_section][vc_tta_section title=\u00a0\u00bbJour 6&Prime; tab_id=\u00a0\u00bb1713534620647-bec2b8ac-5950&Prime;][vc_column_text css=\u00a0\u00bb.vc_custom_1714576650793{padding-right: 20px !important;padding-left: 20px !important;}\u00a0\u00bb]<strong>MATIN : TECHNIQUE DU REMPLISSAGE ET DE REPARATION DE LA POSE D\u2019ONGLE (par la<\/strong><br \/>\n<strong>formatrice)<\/strong><br \/>\nObservation par les candidats d\u2019une d\u00e9monstration th\u00e9orique et pratique de la technique du<br \/>\nremplissage de la pose d\u2019ongles (adaptable \u00e0 la r\u00e9paration d\u2019ongles si n\u00e9cessaire), sur mod\u00e8les<br \/>\nvolontaires, effectu\u00e9e par la formatrice, dans les conditions r\u00e9elles de l\u2019exercice de l\u2019activit\u00e9, afin de<br \/>\ncombler la repousse de l\u2019ongle et r\u00e9\u00e9quilibrer sa structure. R\u00e9alisation d\u2019une finition (couleur, french<br \/>\nmanucure, babyboomer) :<br \/>\n\u2022 R\u00e9alisation du diagnostic pr\u00e9alable<br \/>\n\u2022 Application des proc\u00e9dures d\u2019hygi\u00e8ne et de d\u00e9sinfection avant et apr\u00e8s le soin<br \/>\n\u2022 R\u00e9alisation du remplissage avec les outils adapt\u00e9s<br \/>\n\u2022 R\u00e9alisation d\u2019une finition<br \/>\n\u2022 Conseil au client sur l\u2019entretien de la pose et les pr\u00e9cautions \u00e0 prendre<\/p>\n<p><strong>APRES-MIDI : TECHNIQUE DU REMPLISSAGE ET DE REPARATION DE LA POSE D\u2019ONGLE<\/strong><br \/>\n<strong>(par les candidats)<\/strong><br \/>\nMise en pratique compl\u00e8te par les \u00e9l\u00e8ves, sur mod\u00e8le volontaire, de la technique du remplissage :<br \/>\n\u2022 R\u00e9alisation du diagnostic pr\u00e9alable<br \/>\n\u2022 Application des proc\u00e9dures d\u2019hygi\u00e8ne et de d\u00e9sinfection avant et apr\u00e8s le soin<br \/>\n\u2022 R\u00e9alisation du remplissage avec les outils adapt\u00e9s<br \/>\n\u2022 R\u00e9alisation d\u2019une finition[\/vc_column_text][\/vc_tta_section][vc_tta_section title=\u00a0\u00bbJour 7&Prime; tab_id=\u00a0\u00bb1713534705339-dee94118-68cf\u00a0\u00bb][vc_column_text css=\u00a0\u00bb.vc_custom_1714576699529{padding-right: 20px !important;padding-left: 20px !important;}\u00a0\u00bb]<strong>MATIN : TECHNIQUE DE FINITION : FRENCH MANUCURE (par la formatrice)<\/strong><br \/>\nObservation par les candidats d\u2019une d\u00e9monstration th\u00e9orique et pratique effectu\u00e9e par le formateur<br \/>\nsur mod\u00e8le volontaire, dans les conditions r\u00e9elles d\u2019exercice de l\u2019activit\u00e9, de la technique de finition<br \/>\nappel\u00e9e \u00ab French Manucure \u00bb et consistant en l\u2019application d\u2019une base de gel de couleur naturelle ou l\u00e9g\u00e8rement ros\u00e9e avec des bouts d&rsquo;ongles blancs ou color\u00e9s :<br \/>\n\u2022 R\u00e9alisation du diagnostic pr\u00e9alable<br \/>\n\u2022 Application des proc\u00e9dures d\u2019hygi\u00e8ne et de d\u00e9sinfection avant et apr\u00e8s le soin<br \/>\n\u2022 Pr\u00e9paration de l\u2019ongle naturel<br \/>\n\u2022 Choix du type d\u2019extensions (chablons ou capsules) suivant le diagnostic pr\u00e9\u00e9tabli<br \/>\n\u2022 R\u00e9alisation du modelage de l\u2019ongle<br \/>\n\u2022 Fa\u00e7onnage de l\u2019ongle artificiel \u00e0 l\u2019aide de la ponceuse ou la lime<br \/>\n\u2022 R\u00e9alisation de la finition \u00ab french manucure \u00bb<br \/>\n\u2022 Conseiller le client sur les pr\u00e9cautions \u00e0 prendre pour \u00e9viter les risques d\u2019infections et garantir<br \/>\nune durabilit\u00e9 de la pose<\/p>\n<p><strong>APRES-MIDI : TECHNIQUE DE FINITION : FRENCH MANUCURE (par les candidats)<\/strong><br \/>\nMise en pratique compl\u00e8te par les candidats, sur mod\u00e8le volontaire, de la pose d\u2019extensions<br \/>\n(capsules ou chablons) et de la r\u00e9alisation d\u2019une finition French Manucure :<br \/>\n\u2022 R\u00e9alisation du diagnostic pr\u00e9alable<br \/>\n\u2022 Application des proc\u00e9dures d\u2019hygi\u00e8ne et de d\u00e9sinfection avant et apr\u00e8s le soin<br \/>\n\u2022 Pr\u00e9paration de l\u2019ongle naturel<br \/>\n\u2022 Choix du type d\u2019extensions (chablons ou capsules) suivant le diagnostic pr\u00e9\u00e9tabli<br \/>\n\u2022 R\u00e9alisation du modelage de l\u2019ongle<br \/>\n\u2022 Fa\u00e7onnage de l\u2019ongle artificiel \u00e0 l\u2019aide de la ponceuse ou la lime<br \/>\n\u2022 R\u00e9alisation de la finition \u00ab french manucure \u00bb<br \/>\n* Conseiller le client sur les pr\u00e9cautions \u00e0 prendre pour \u00e9viter les risques d\u2019infections et garantir<br \/>\nune durabilit\u00e9 de la pose[\/vc_column_text][\/vc_tta_section][vc_tta_section title=\u00a0\u00bbJour 8&Prime; tab_id=\u00a0\u00bb1713534800371-55a22b1f-ac51&Prime;][vc_column_text css=\u00a0\u00bb.vc_custom_1714576737262{padding-right: 20px !important;padding-left: 20px !important;}\u00a0\u00bb]<strong>MATIN : TECHNIQUE DE FINITION : BABY BOOMER (par la formatrice)<\/strong><br \/>\nObservation par les candidats d\u2019une d\u00e9monstration th\u00e9orique et pratique effectu\u00e9e sur mod\u00e8le<br \/>\nvolontaire, dans les conditions r\u00e9elles d\u2019exercice de l\u2019activit\u00e9, de la technique de finition appel\u00e9e<br \/>\n\u00ab BabyBoomer \u00bb et consistant en l\u2019application d\u2019un gel d\u00e9pos\u00e9 en d\u00e9grad\u00e9 entre le blanc et le ros\u00e9 :<br \/>\n\u2022 R\u00e9alisation du diagnostic pr\u00e9alable<br \/>\n\u2022 Application des proc\u00e9dures d\u2019hygi\u00e8ne et de d\u00e9sinfection avant et apr\u00e8s le soin<br \/>\n\u2022 Pr\u00e9paration de l\u2019ongle naturel<br \/>\n\u2022 Choix du type d\u2019extensions (chablons ou capsules) suivant le diagnostic pr\u00e9\u00e9tabli<br \/>\n\u2022 R\u00e9alisation du modelage de l\u2019ongle<br \/>\n\u2022 Fa\u00e7onnage de l\u2019ongle artificiel \u00e0 l\u2019aide de la ponceuse ou la lime<br \/>\n\u2022 R\u00e9alisation de la finition \u00ab babyboomer \u00bb<br \/>\n\u2022 Conseiller le client sur les pr\u00e9cautions \u00e0 prendre pour \u00e9viter les risques d\u2019infections et garantir<br \/>\nune durabilit\u00e9 de la pose<\/p>\n<p><strong>APRES-MIDI : TECHNIQUE DE FINITION : BABY BOOMER (par les candidats)<\/strong><br \/>\nMise en pratique compl\u00e8te par les candidats, sur mod\u00e8le volontaire, de la pose d\u2019extensions<br \/>\n(capsules ou chablons) et de la r\u00e9alisation d\u2019une finition Babyboomer :<br \/>\n\u2022 R\u00e9alisation du diagnostic pr\u00e9alable<br \/>\n\u2022 Application des proc\u00e9dures d\u2019hygi\u00e8ne et de d\u00e9sinfection avant et apr\u00e8s le soin<br \/>\n\u2022 Pr\u00e9paration de l\u2019ongle naturel<br \/>\n\u2022 Choix du type d\u2019extensions (chablons ou capsules) suivant le diagnostic pr\u00e9\u00e9tabli<br \/>\n\u2022 R\u00e9alisation du modelage de l\u2019ongle<br \/>\n\u2022 Fa\u00e7onnage de l\u2019ongle artificiel \u00e0 l\u2019aide de la ponceuse ou la lime<br \/>\n\u2022 R\u00e9alisation de la finition \u00ab babyboomer \u00bb<br \/>\n\u2022 Conseiller le client sur les pr\u00e9cautions \u00e0 prendre pour \u00e9viter les risques d\u2019infections et garantir<br \/>\nune durabilit\u00e9 de la pose[\/vc_column_text][\/vc_tta_section][vc_tta_section title=\u00a0\u00bbJour 9&Prime; tab_id=\u00a0\u00bb1713534911844-6646e8ca-d2f3&Prime;][vc_column_text css=\u00a0\u00bb.vc_custom_1714576771011{padding-right: 20px !important;padding-left: 20px !important;}\u00a0\u00bb]<strong>MATIN : MISE EN PRATIQUE PAR LES CANDIDATS DE TOUTES LES TECHNIQUES<\/strong><br \/>\n<strong>ENSEIGNEES<\/strong><br \/>\nEntrainement des candidats sur mod\u00e8les volontaires, dans les conditions r\u00e9elles de l\u2019exercice de<br \/>\nl\u2019activit\u00e9, avec mise en pratique de toutes les techniques observ\u00e9es et r\u00e9alis\u00e9es les jours pr\u00e9c\u00e9dents.<\/p>\n<p><strong>APRES-MIDI : MISE EN PRATIQUE PAR LES CANDIDATS DE TOUTES LES TECHNIQUES<\/strong><br \/>\n<strong>ENSEIGNEES<\/strong><br \/>\nEntrainement des candidats sur mod\u00e8les volontaires, dans les conditions r\u00e9elles de l\u2019exercice de<br \/>\nl\u2019activit\u00e9, avec mise en pratique de toutes les techniques observ\u00e9es et r\u00e9alis\u00e9es les jours pr\u00e9c\u00e9dents.[\/vc_column_text][\/vc_tta_section][vc_tta_section title=\u00a0\u00bbJour 10&Prime; tab_id=\u00a0\u00bb1713535025333-a110a768-8aaa\u00a0\u00bb][vc_column_text css=\u00a0\u00bb.vc_custom_1714576800704{padding-right: 20px !important;padding-left: 20px !important;}\u00a0\u00bb]<strong>MATIN : EXAMEN DE CERTIFICATION<\/strong><br \/>\nEpreuve certificative d\u2019une dur\u00e9e de 2h15 :<br \/>\n\u2022 R\u00e9alisation du diagnostic<br \/>\n\u2022 R\u00e9alisation de pose d\u2019extensions avec capsules<br \/>\n\u2022 R\u00e9alisation de pose d\u2019extensions au chablon<br \/>\n\u2022 R\u00e9alisation de la technique du remplissage<br \/>\n\u2022 R\u00e9alisation d\u2019un retrait de pose d\u2019ongles<br \/>\n\u2022 D\u00e9livrance des consignes d\u2019entretien<\/p>\n<p><strong>APRES-MIDI : DEBRIEFING AVEC l\u2019ENSEMBLE DES CANDIDATS<\/strong><br \/>\nEchanges sur les exp\u00e9riences v\u00e9cues pendant la formation, sur le bilan de la session de formation et transmission des divers questionnaires :<br \/>\n\u2022 Echanges sur les ressentis lors de la formation (points forts\/points faibles)<br \/>\n\u2022 Bilan de la session de formation<br \/>\n\u2022 Transmission des questionnaires d\u2019\u00e9valuation et de satisfaction[\/vc_column_text][\/vc_tta_section][\/vc_tta_tour][vc_row_inner hide_bg_image_on_tablet=\u00a0\u00bb\u00a0\u00bb hide_bg_image_on_mobile=\u00a0\u00bb\u00a0\u00bb css=\u00a0\u00bb.vc_custom_1738937962939{padding-top: 10px !important;padding-bottom: 20px !important;background-color: #911439 !important;}\u00a0\u00bb][vc_column_inner width=\u00a0\u00bb1\/3&Prime;][vc_icon icon_fontawesome=\u00a0\u00bbicon-checkbox-2&Prime; color=\u00a0\u00bbwhite\u00a0\u00bb align=\u00a0\u00bbcenter\u00a0\u00bb css=\u00a0\u00bb.vc_custom_1738937512951{margin-bottom: 0px !important;padding-bottom: 0px !important;}\u00a0\u00bb][vc_column_text]<\/p>\n<h3 style=\"text-align: center;\"><span style=\"color: #ffffff;\"><strong>54<br \/>\n<\/strong><\/span><\/h3>\n<p>[\/vc_column_text][vc_column_text css=\u00a0\u00bb.vc_custom_1738937877349{margin-top: 5px !important;padding-top: 0px !important;}\u00a0\u00bb]<\/p>\n<h4 style=\"text-align: center;\"><span style=\"color: #ffffff;\"><b>Stagiaires depuis 2022<\/b><\/span><\/h4>\n<p>[\/vc_column_text][\/vc_column_inner][vc_column_inner width=\u00a0\u00bb1\/3&Prime;][vc_icon icon_fontawesome=\u00a0\u00bbicon-checkbox-2&Prime; color=\u00a0\u00bbwhite\u00a0\u00bb align=\u00a0\u00bbcenter\u00a0\u00bb css=\u00a0\u00bb.vc_custom_1738937512951{margin-bottom: 0px !important;padding-bottom: 0px !important;}\u00a0\u00bb][vc_column_text]<\/p>\n<h3 style=\"text-align: center;\"><span style=\"color: #ffffff;\"><strong>92 %<br \/>\n<\/strong><\/span><\/h3>\n<p>[\/vc_column_text][vc_column_text css=\u00a0\u00bb.vc_custom_1738938124072{margin-top: 5px !important;padding-top: 0px !important;}\u00a0\u00bb]<\/p>\n<h4 style=\"text-align: center;\"><span style=\"color: #ffffff;\"><b>de r\u00e9ussite \u00e0 la certification<\/b><\/span><\/h4>\n<p>[\/vc_column_text][\/vc_column_inner][vc_column_inner width=\u00a0\u00bb1\/3&Prime;][vc_icon icon_fontawesome=\u00a0\u00bbicon-checkbox-2&Prime; color=\u00a0\u00bbwhite\u00a0\u00bb align=\u00a0\u00bbcenter\u00a0\u00bb css=\u00a0\u00bb.vc_custom_1738937512951{margin-bottom: 0px !important;padding-bottom: 0px !important;}\u00a0\u00bb][vc_column_text]<\/p>\n<h3 style=\"text-align: center;\"><span style=\"color: #ffffff;\"><strong>100 %<br \/>\n<\/strong><\/span><\/h3>\n<p>[\/vc_column_text][vc_column_text css=\u00a0\u00bb.vc_custom_1738938148556{margin-top: 5px !important;padding-top: 0px !important;}\u00a0\u00bb]<\/p>\n<h4 style=\"text-align: center;\"><span style=\"color: #ffffff;\"><b>de satisfaction<\/b><\/span><\/h4>\n<p>[\/vc_column_text][\/vc_column_inner][\/vc_row_inner][vc_column_text]<\/p>\n<p style=\"text-align: center;\"><span style=\"color: #993366;\"><em>MAJ f\u00e9vrier 2025. Donn\u00e9es de staisfaction bas\u00e9es sur les avis Google, les formulaires de suivi et les avis sue le site Mon Compte Formation<\/em><\/span><\/p>\n<p>[\/vc_column_text][\/vc_column][\/vc_row]<\/p>\n<\/div>","protected":false},"excerpt":{"rendered":"<p>[vc_row full_width=\u00a0\u00bbstretch_row\u00a0\u00bb equal_height=\u00a0\u00bbyes\u00a0\u00bb content_placement=\u00a0\u00bbtop\u00a0\u00bb][vc_column width=\u00a0\u00bb5\/6&Prime; hide_bg_image_on_tablet=\u00a0\u00bb\u00a0\u00bb hide_bg_image_on_mobile=\u00a0\u00bb\u00a0\u00bb icons_position=\u00a0\u00bbleft\u00a0\u00bb css=\u00a0\u00bb.vc_custom_1511534454443{padding-right: 0px !important;padding-left: 0px !important;}\u00a0\u00bb][\/vc_column][vc_column width=\u00a0\u00bb1\/6&Prime; hide_bg_image_on_tablet=\u00a0\u00bb\u00a0\u00bb hide_bg_image_on_mobile=\u00a0\u00bb\u00a0\u00bb icons_position=\u00a0\u00bbleft\u00a0\u00bb css=\u00a0\u00bb.vc_custom_1511533781050{background-color: #ffffff !important;}\u00a0\u00bb][\/vc_column][\/vc_row][vc_row full_width=\u00a0\u00bbstretch_row\u00a0\u00bb equal_height=\u00a0\u00bbyes\u00a0\u00bb content_placement=\u00a0\u00bbtop\u00a0\u00bb][vc_column width=\u00a0\u00bb1\/6&Prime; hide_bg_image_on_tablet=\u00a0\u00bb\u00a0\u00bb hide_bg_image_on_mobile=\u00a0\u00bb\u00a0\u00bb icons_position=\u00a0\u00bbleft\u00a0\u00bb][\/vc_column][vc_column width=\u00a0\u00bb5\/6&Prime; fix_column=\u00a0\u00bb\u00a0\u00bb shift_y=\u00a0\u00bbtiny_negative\u00a0\u00bb hide_bg_image_on_tablet=\u00a0\u00bb\u00a0\u00bb hide_bg_image_on_mobile=\u00a0\u00bb\u00a0\u00bb icons_position=\u00a0\u00bbleft\u00a0\u00bb css=\u00a0\u00bb.vc_custom_1515147927089{background-color: #ffffff !important;}\u00a0\u00bb][vc_empty_space height=\u00a0\u00bb30px\u00a0\u00bb alter_height=\u00a0\u00bbnone\u00a0\u00bb hide_on_desktop=\u00a0\u00bb\u00a0\u00bb hide_on_notebook=\u00a0\u00bb\u00a0\u00bb&hellip;<\/p>\n","protected":false},"author":1,"featured_media":0,"parent":0,"menu_order":0,"comment_status":"closed","ping_status":"closed","template":"","meta":{"footnotes":""},"class_list":["post-2982","page","type-page","status-publish","hentry"],"_links":{"self":[{"href":"https:\/\/bel-ongle-formation.fr\/index.php\/wp-json\/wp\/v2\/pages\/2982","targetHints":{"allow":["GET"]}}],"collection":[{"href":"https:\/\/bel-ongle-formation.fr\/index.php\/wp-json\/wp\/v2\/pages"}],"about":[{"href":"https:\/\/bel-ongle-formation.fr\/index.php\/wp-json\/wp\/v2\/types\/page"}],"author":[{"embeddable":true,"href":"https:\/\/bel-ongle-formation.fr\/index.php\/wp-json\/wp\/v2\/users\/1"}],"replies":[{"embeddable":true,"href":"https:\/\/bel-ongle-formation.fr\/index.php\/wp-json\/wp\/v2\/comments?post=2982"}],"version-history":[{"count":120,"href":"https:\/\/bel-ongle-formation.fr\/index.php\/wp-json\/wp\/v2\/pages\/2982\/revisions"}],"predecessor-version":[{"id":3658,"href":"https:\/\/bel-ongle-formation.fr\/index.php\/wp-json\/wp\/v2\/pages\/2982\/revisions\/3658"}],"wp:attachment":[{"href":"https:\/\/bel-ongle-formation.fr\/index.php\/wp-json\/wp\/v2\/media?parent=2982"}],"curies":[{"name":"wp","href":"https:\/\/api.w.org\/{rel}","templated":true}]}}